{"id":6719,"date":"2025-06-26T12:25:55","date_gmt":"2025-06-26T16:25:55","guid":{"rendered":"https:\/\/www.minibiblioplus.org\/?page_id=6719"},"modified":"2025-06-26T12:26:44","modified_gmt":"2025-06-26T16:26:44","slug":"anne-isabelle-roussy-3","status":"publish","type":"page","link":"https:\/\/www.minibiblioplus.org\/index.php\/anne-isabelle-roussy-3\/","title":{"rendered":"Anne Isabelle Roussy"},"content":{"rendered":"\t\t<div data-elementor-type=\"wp-page\" data-elementor-id=\"6719\" class=\"elementor elementor-6719\" data-elementor-settings=\"[]\">\n\t\t\t\t\t\t<div class=\"elementor-inner\">\n\t\t\t\t\t\t\t<div class=\"elementor-section-wrap\">\n\t\t\t\t\t\t\t<section class=\"elementor-section elementor-top-section elementor-element elementor-element-dea42d1 elementor-section-boxed elementor-section-height-default elementor-section-height-default\" data-id=\"dea42d1\" data-element_type=\"section\">\n\t\t\t\t\t\t<div class=\"elementor-container elementor-column-gap-default\">\n\t\t\t\t\t\t\t<div class=\"elementor-row\">\n\t\t\t\t\t<div class=\"elementor-column elementor-col-50 elementor-top-column elementor-element elementor-element-4901ec0\" data-id=\"4901ec0\" data-element_type=\"column\">\n\t\t\t<div class=\"elementor-column-wrap elementor-element-populated\">\n\t\t\t\t\t\t\t<div class=\"elementor-widget-wrap\">\n\t\t\t\t\t\t<div class=\"elementor-element elementor-element-d8a549f elementor-widget elementor-widget-image\" data-id=\"d8a549f\" data-element_type=\"widget\" data-widget_type=\"image.default\">\n\t\t\t\t<div class=\"elementor-widget-container\">\n\t\t\t\t\t\t\t\t<div class=\"elementor-image\">\n\t\t\t\t\t\t\t\t\t\t\t\t<img width=\"401\" height=\"562\" src=\"https:\/\/www.minibiblioplus.org\/wp-content\/uploads\/2025\/06\/Screenshot-2025-06-26-120653.png\" class=\"attachment-large size-large\" alt=\"\" loading=\"lazy\" srcset=\"https:\/\/www.minibiblioplus.org\/wp-content\/uploads\/2025\/06\/Screenshot-2025-06-26-120653.png 401w, https:\/\/www.minibiblioplus.org\/wp-content\/uploads\/2025\/06\/Screenshot-2025-06-26-120653-214x300.png 214w\" sizes=\"(max-width: 401px) 100vw, 401px\" \/>\t\t\t\t\t\t\t\t\t\t\t\t\t\t<\/div>\n\t\t\t\t\t\t<\/div>\n\t\t\t\t<\/div>\n\t\t\t\t\t\t<\/div>\n\t\t\t\t\t<\/div>\n\t\t<\/div>\n\t\t\t\t<div class=\"elementor-column elementor-col-50 elementor-top-column elementor-element elementor-element-98f8f61\" data-id=\"98f8f61\" data-element_type=\"column\">\n\t\t\t<div class=\"elementor-column-wrap elementor-element-populated\">\n\t\t\t\t\t\t\t<div class=\"elementor-widget-wrap\">\n\t\t\t\t\t\t<div class=\"elementor-element elementor-element-12a63e0 elementor-widget elementor-widget-text-editor\" data-id=\"12a63e0\" data-element_type=\"widget\" data-widget_type=\"text-editor.default\">\n\t\t\t\t<div class=\"elementor-widget-container\">\n\t\t\t\t\t\t\t\t<div class=\"elementor-text-editor elementor-clearfix\">\n\t\t\t\t<p>Anne Isabelle est une leader ex\u00e9cutive forte de plus de 25 ans d\u2019exp\u00e9rience en leadership dans les secteurs des t\u00e9l\u00e9communications, du conseil et des organisations \u00e0 but non lucratif, ainsi que de 10 ans d&#8217;implication au sein de conseils d&#8217;administration. Prenant la rel\u00e8ve de fa\u00e7on int\u00e9rimaire \u00e0 Asha Dixit, elle mettra \u00e0 profit son expertise au cours de la premi\u00e8re ann\u00e9e de mise en \u0153uvre de notre nouveau plan strat\u00e9gique.<\/p><p>Reconnue pour son approche alliant action et \u00e9coute, Anne Isabelle favorise la cr\u00e9ation d\u2019environnements propices \u00e0 la collaboration, \u00e0 l\u2019innovation et \u00e0 l\u2019alignement des actions sur le plan strat\u00e9gique. Passionn\u00e9e par le d\u00e9veloppement organisationnel en harmonie avec l\u2019\u00e9panouissement des individus, elle guide ses \u00e9quipes en leur offrant l\u2019espace n\u00e9cessaire pour exceller, tout en identifiant de nouveaux vecteurs de croissance pour l\u2019organisation.<\/p><p>Son int\u00e9r\u00eat pour le d\u00e9veloppement humain l\u2019a naturellement men\u00e9e \u00e0 se joindre \u00e0 notre mission. Convaincue que chaque \u00e9tape de la petite enfance joue un r\u00f4le essentiel dans l\u2019\u00e9panouissement des enfants et, par ricochet, des communaut\u00e9s, elle est convaincue de l&#8217;importance de la lecture dans l\u2019\u00e9veil de l\u2019imagination et de l\u2019estime de soi.<\/p><p>Anne Isabelle est titulaire d\u2019un baccalaur\u00e9at en design graphique (UQAM) ainsi que d\u2019une ma\u00eetrise en sciences de la gestion (HEC Montr\u00e9al).<\/p>\t\t\t\t\t<\/div>\n\t\t\t\t\t\t<\/div>\n\t\t\t\t<\/div>\n\t\t\t\t\t\t<\/div>\n\t\t\t\t\t<\/div>\n\t\t<\/div>\n\t\t\t\t\t\t\t\t<\/div>\n\t\t\t\t\t<\/div>\n\t\t<\/section>\n\t\t\t\t\t\t<\/div>\n\t\t\t\t\t\t<\/div>\n\t\t\t\t\t<\/div>\n\t\t","protected":false},"excerpt":{"rendered":"<p>Anne Isabelle est une leader ex\u00e9cutive forte de plus de 25 ans d\u2019exp\u00e9rience en leadership dans les secteurs des t\u00e9l\u00e9communications, du conseil et des organisations \u00e0 but non lucratif, ainsi que de 10 ans d&#8217;implication au sein de conseils d&#8217;administration. Prenant la rel\u00e8ve de fa\u00e7on int\u00e9rimaire \u00e0 Asha Dixit, elle mettra \u00e0 profit son expertise au cours de la premi\u00e8re ann\u00e9e de mise en \u0153uvre de notre nouveau plan strat\u00e9gique. Reconnue pour son approche alliant action et \u00e9coute, Anne Isabelle&hellip;<\/p>\n","protected":false},"author":1,"featured_media":0,"parent":0,"menu_order":0,"comment_status":"closed","ping_status":"closed","template":"","meta":{"om_disable_all_campaigns":false,"_monsterinsights_skip_tracking":false,"_monsterinsights_sitenote_active":false,"_monsterinsights_sitenote_note":"","_monsterinsights_sitenote_category":0},"aioseo_notices":[],"_links":{"self":[{"href":"https:\/\/www.minibiblioplus.org\/index.php\/wp-json\/wp\/v2\/pages\/6719"}],"collection":[{"href":"https:\/\/www.minibiblioplus.org\/index.php\/wp-json\/wp\/v2\/pages"}],"about":[{"href":"https:\/\/www.minibiblioplus.org\/index.php\/wp-json\/wp\/v2\/types\/page"}],"author":[{"embeddable":true,"href":"https:\/\/www.minibiblioplus.org\/index.php\/wp-json\/wp\/v2\/users\/1"}],"replies":[{"embeddable":true,"href":"https:\/\/www.minibiblioplus.org\/index.php\/wp-json\/wp\/v2\/comments?post=6719"}],"version-history":[{"count":3,"href":"https:\/\/www.minibiblioplus.org\/index.php\/wp-json\/wp\/v2\/pages\/6719\/revisions"}],"predecessor-version":[{"id":6722,"href":"https:\/\/www.minibiblioplus.org\/index.php\/wp-json\/wp\/v2\/pages\/6719\/revisions\/6722"}],"wp:attachment":[{"href":"https:\/\/www.minibiblioplus.org\/index.php\/wp-json\/wp\/v2\/media?parent=6719"}],"curies":[{"name":"wp","href":"https:\/\/api.w.org\/{rel}","templated":true}]}}